{"id":26,"date":"2018-08-02T21:51:20","date_gmt":"2018-08-02T19:51:20","guid":{"rendered":"http:\/\/akademia-przedszkolaka.net.pl\/grybow\/?page_id=26"},"modified":"2025-02-22T18:01:36","modified_gmt":"2025-02-22T17:01:36","slug":"o-nas","status":"publish","type":"page","link":"http:\/\/akademia-przedszkolaka.net.pl\/grybow\/o-nas\/","title":{"rendered":"O nas"},"content":{"rendered":"\r\n<blockquote class=\"wp-block-quote is-style-large\" style=\"text-align: center\">\r\n<p><strong>\u201eKiedy \u015bmieje si\u0119 dziecko, \u015bmieje si\u0119 ca\u0142y \u015bwiat\u201d\u00a0<\/strong><\/p>\r\n<cite>J.Korczak<\/cite><\/blockquote>\r\n\r\n\r\n\r\n<h2 class=\"wp-block-heading\" style=\"text-align: center\">Ma\u0142e<strong> przedszkole w \u015blicznym budynku i malowniczej okolicy! A dooko\u0142a du\u017co wspania\u0142ych ludzi.<\/strong><\/h2>\r\n\r\n\r\n\r\n<h4 style=\"text-align: center\"><strong>Akademia Przedszkolaka to przedszkole z grup\u0105 \u017c\u0142obkow\u0105, usytuowane w malowniczej lokalizacji. Dzia\u0142amy od 2012r., oferujemy bogaty pakiet zaj\u0119\u0107 dodatkowych i fantastyczn\u0105, wykwalifikowan\u0105 kadr\u0119! Zapraszamy do odwiedzin wirtualnych i w realu!<\/strong><\/h4>\r\n\r\n\r\n\r\n<figure class=\"wp-block-image\"><img decoding=\"async\" loading=\"lazy\" width=\"1280\" height=\"720\" class=\"wp-image-35\" src=\"http:\/\/akademia-przedszkolaka.net.pl\/grybow\/wp-content\/uploads\/sites\/2\/2018\/08\/o-nas-1.jpg\" alt=\"\" srcset=\"http:\/\/akademia-przedszkolaka.net.pl\/grybow\/wp-content\/uploads\/sites\/2\/2018\/08\/o-nas-1.jpg 1280w, http:\/\/akademia-przedszkolaka.net.pl\/grybow\/wp-content\/uploads\/sites\/2\/2018\/08\/o-nas-1-300x169.jpg 300w, http:\/\/akademia-przedszkolaka.net.pl\/grybow\/wp-content\/uploads\/sites\/2\/2018\/08\/o-nas-1-768x432.jpg 768w, http:\/\/akademia-przedszkolaka.net.pl\/grybow\/wp-content\/uploads\/sites\/2\/2018\/08\/o-nas-1-1024x576.jpg 1024w\" sizes=\"(max-width: 1280px) 100vw, 1280px\" \/>\r\n<figcaption>Nasze Skarby w drodze na wycieczk\u0119<\/figcaption>\r\n<\/figure>\r\n\r\n\r\n\r\n<div class=\"wp-block-columns has-2-columns is-layout-flex wp-container-2\">\r\n<div class=\"wp-block-column is-layout-flow\">\r\n<figure class=\"wp-block-image is-resized\"><img decoding=\"async\" loading=\"lazy\" class=\"wp-image-38\" src=\"http:\/\/akademia-przedszkolaka.net.pl\/grybow\/wp-content\/uploads\/sites\/2\/2018\/08\/onas4-e1538410663382.jpg\" alt=\"\" width=\"277\" height=\"369\" \/>\r\n<figcaption>Szale\u0144stwa na nowym placu zabaw<\/figcaption>\r\n<\/figure>\r\n<\/div>\r\n<div class=\"wp-block-column\">\r\n<h4 style=\"text-align: center\">Oferujemy dzieciom wspania\u0142\u0105 opiek\u0119, wysoki poziom edukacji i bogat\u0105 ofert\u0119 zaj\u0119\u0107 dodatkowych. A to wszystko za spraw\u0105 fachowej i fantastycznej kadry. Nasze dzieci korzystaj\u0105 nieodp\u0142atnie z religii, j\u0119zyka angielskiego, rytmiki, j\u0119zyka migowego, zaj\u0119\u0107 komputerowych, warsztat\u00f3w tematycznych (kulinarnych, garncarskich i &#8222;Laboratorium dla Smyka&#8221;, terapii neurodydaktycznej, indywidualnej terapii logopedycznej i gimnastyki korekcyjnej. Dodatkowo dzieci uczestnicz\u0105 w zaj\u0119ciach z programowania, hipoterapii i felinoterapii. Prowadzimy zaj\u0119cia w ramach wczesnego Wspomagania Rozwoju Dziecka, wsp\u00f3\u0142pracuj\u0105c z najlepszymi plac\u00f3wkami terapeutycznymi.<\/h4>\r\n<h4 style=\"text-align: center\">W przedszkolu serwujemy 3 posi\u0142ki i drugie \u015bniadanie &#8211; owoce na przek\u0105sk\u0119.<\/h4>\r\n<\/div>\r\n<\/div>\r\n\r\n\r\n\r\n<p class=\"has-regular-font-size\" style=\"text-align: left\">Regulamin przedszkola oraz klauzule RODO do pobrania poni\u017cej:<\/p>\r\n\r\n\r\n\r\n<div class=\"wp-block-file\"><a class=\"wp-block-file__button\" href=\"http:\/\/akademia-przedszkolaka.net.pl\/grybow\/wp-content\/uploads\/sites\/2\/2018\/10\/regulamin.pdf\">Pobierz<\/a><\/div>\r\n\r\n\r\n\r\n<p><a href=\"http:\/\/akademia-przedszkolaka.net.pl\/grybow\/wp-content\/uploads\/sites\/2\/2025\/02\/KLAUZULA-monitoring.pdf\">Klauzula &#8211; monitoring<\/a><\/p>\r\n<p><a href=\"http:\/\/akademia-przedszkolaka.net.pl\/grybow\/wp-content\/uploads\/sites\/2\/2025\/02\/KLAUZULA-dziecko-i-rodzice.pdf\">Klauzula &#8211; dziecko i rodzice<\/a><\/p>\r\n","protected":false},"excerpt":{"rendered":"<p>\u201eKiedy \u015bmieje si\u0119 dziecko, \u015bmieje si\u0119 ca\u0142y \u015bwiat\u201d\u00a0 J.Korczak Ma\u0142e przedszkole w \u015blicznym budynku i malowniczej okolicy! A dooko\u0142a du\u017co wspania\u0142ych ludzi. Akademia Przedszkolaka to przedszkole z grup\u0105 \u017c\u0142obkow\u0105, usytuowane w malowniczej lokalizacji. Dzia\u0142amy od 2012r., oferujemy bogaty pakiet zaj\u0119\u0107 dodatkowych i fantastyczn\u0105, wykwalifikowan\u0105 kadr\u0119! Zapraszamy do odwiedzin wirtualnych i w realu! Regulamin przedszkola oraz&#8230;<\/p>\n","protected":false},"author":1,"featured_media":129,"parent":0,"menu_order":0,"comment_status":"closed","ping_status":"closed","template":"","meta":[],"_links":{"self":[{"href":"http:\/\/akademia-przedszkolaka.net.pl\/grybow\/wp-json\/wp\/v2\/pages\/26"}],"collection":[{"href":"http:\/\/akademia-przedszkolaka.net.pl\/grybow\/wp-json\/wp\/v2\/pages"}],"about":[{"href":"http:\/\/akademia-przedszkolaka.net.pl\/grybow\/wp-json\/wp\/v2\/types\/page"}],"author":[{"embeddable":true,"href":"http:\/\/akademia-przedszkolaka.net.pl\/grybow\/wp-json\/wp\/v2\/users\/1"}],"replies":[{"embeddable":true,"href":"http:\/\/akademia-przedszkolaka.net.pl\/grybow\/wp-json\/wp\/v2\/comments?post=26"}],"version-history":[{"count":20,"href":"http:\/\/akademia-przedszkolaka.net.pl\/grybow\/wp-json\/wp\/v2\/pages\/26\/revisions"}],"predecessor-version":[{"id":1925,"href":"http:\/\/akademia-przedszkolaka.net.pl\/grybow\/wp-json\/wp\/v2\/pages\/26\/revisions\/1925"}],"wp:featuredmedia":[{"embeddable":true,"href":"http:\/\/akademia-przedszkolaka.net.pl\/grybow\/wp-json\/wp\/v2\/media\/129"}],"wp:attachment":[{"href":"http:\/\/akademia-przedszkolaka.net.pl\/grybow\/wp-json\/wp\/v2\/media?parent=26"}],"curies":[{"name":"wp","href":"https:\/\/api.w.org\/{rel}","templated":true}]}}