{"id":1495,"date":"2024-02-27T00:11:43","date_gmt":"2024-02-26T23:11:43","guid":{"rendered":"http:\/\/akademia-przedszkolaka.net.pl\/grybow\/?page_id=1495"},"modified":"2024-02-27T14:39:44","modified_gmt":"2024-02-27T13:39:44","slug":"do-rodzicow","status":"publish","type":"page","link":"http:\/\/akademia-przedszkolaka.net.pl\/grybow\/do-rodzicow\/","title":{"rendered":"Do Rodzic\u00f3w"},"content":{"rendered":"<h3>W zwi\u0105zku z obecn\u0105 sytuacj\u0105 epidemiczn\u0105 na tej stronie b\u0119dziemy zamieszcza\u0107 materia\u0142y dydaktyczne do opracowania w domu.<\/h3>\n<p>29.03 &#8211; Poniedzia\u0142ek &#8211; Temat tygodnia: WIELKANOC<\/p>\n<p><a href=\"http:\/\/akademia-przedszkolaka.net.pl\/grybow\/materialy-dydaktyczne\/materialy-dydaktyczne-motylki-i-zuczki-1\/\" rel=\"attachment wp-att-1509\">Materia\u0142y dydaktyczne -Motylki i \u017buczki <\/a><\/p>\n<p><a href=\"http:\/\/akademia-przedszkolaka.net.pl\/grybow\/materialy-dydaktyczne\/biedronki-i-pszczolki\/\" rel=\"attachment wp-att-1505\">Biedronki i Pszcz\u00f3\u0142ki<\/a><\/p>\n<p>30.03 &#8211; Wtorek<\/p>\n<p><a href=\"http:\/\/akademia-przedszkolaka.net.pl\/grybow\/wp-content\/uploads\/sites\/2\/2021\/03\/Motylki-i-\u017buczki-30.03.2021.pdf\">Motylki i \u017buczki<\/a><\/p>\n<p><a href=\"http:\/\/akademia-przedszkolaka.net.pl\/grybow\/wp-content\/uploads\/sites\/2\/2021\/03\/Biedronki-i-Pszcz\u00f3\u0142ki-30.03.2021.pdf\">Biedronki i Pszcz\u00f3\u0142ki<\/a><\/p>\n<p><a href=\"http:\/\/akademia-przedszkolaka.net.pl\/grybow\/wp-content\/uploads\/sites\/2\/2021\/03\/Litera-Z-Biedronki-i-Pszcz\u00f3\u0142ki.pdf\">Biedronki i Pszcz\u00f3\u0142ki &#8211; Literka &#8222;Z&#8221;<\/a><\/p>\n<p>31.03 &#8211; \u015aroda<\/p>\n<p><a href=\"http:\/\/akademia-przedszkolaka.net.pl\/grybow\/wp-content\/uploads\/sites\/2\/2021\/03\/Motylki-i-\u017buczki.docx\">Motylki i \u017buczki<\/a><\/p>\n<p><a href=\"http:\/\/akademia-przedszkolaka.net.pl\/grybow\/wp-content\/uploads\/sites\/2\/2021\/03\/Biedronki-i-Pszcz\u00f3\u0142ki.docx\">Biedronki i Pszcz\u00f3\u0142ki<\/a><\/p>\n<p>1.04- CZWARTEK<\/p>\n<p><a href=\"http:\/\/akademia-przedszkolaka.net.pl\/grybow\/wp-content\/uploads\/sites\/2\/2021\/03\/MOTYLKI-I-\u017bUCZKI.docx\">MOTYLKI I \u017bUCZKI<\/a><\/p>\n<p><a href=\"http:\/\/akademia-przedszkolaka.net.pl\/grybow\/wp-content\/uploads\/sites\/2\/2021\/03\/BIEDRONKI-I-PSZCZ\u00d3\u0141KI.docx\">BIEDRONKI I PSZCZ\u00d3\u0141KI<\/a><\/p>\n<p><a href=\"http:\/\/akademia-przedszkolaka.net.pl\/grybow\/materialy-dydaktyczne\/pszczolki-cyfra-0\/\" rel=\"attachment wp-att-1522\">Pszcz\u00f3\u0142ki Cyfra 0<\/a><\/p>\n<p>06.04 &#8211; WTOREK &#8211; Temat tygodnia &#8211; Lecimy w kosmos<\/p>\n<p><a href=\"http:\/\/akademia-przedszkolaka.net.pl\/grybow\/materialy-dydaktyczne\/motylki-i-zuczki-3\/\" rel=\"attachment wp-att-1530\">Motylki i \u017buczki<\/a><\/p>\n<p><a href=\"http:\/\/akademia-przedszkolaka.net.pl\/grybow\/materialy-dydaktyczne\/pszczolki-zagdania-na-wtorek\/\" rel=\"attachment wp-att-1525\">Pszczolki &#8211; zagdania na wtorek<\/a><\/p>\n<p><a href=\"http:\/\/akademia-przedszkolaka.net.pl\/grybow\/materialy-dydaktyczne\/dokument-59\/\" rel=\"attachment wp-att-1528\">Biedronki i Pszcz\u00f3\u0142ki<\/a><\/p>\n<p>07.04 &#8211; \u015aRODA<\/p>\n<p><a href=\"http:\/\/akademia-przedszkolaka.net.pl\/grybow\/materialy-dydaktyczne\/zuczki-i-motylki-07-04-21\/\" rel=\"attachment wp-att-1532\">\u017buczki i Motylki 07.04.21<\/a><\/p>\n<p><a href=\"http:\/\/akademia-przedszkolaka.net.pl\/grybow\/materialy-dydaktyczne\/biedronki-i-pszczolki-07-04\/\" rel=\"attachment wp-att-1533\">Biedronki i Pszcz\u00f3\u0142ki 07.04<\/a><\/p>\n<p><a href=\"http:\/\/akademia-przedszkolaka.net.pl\/grybow\/materialy-dydaktyczne\/religia-2\/\" rel=\"attachment wp-att-1538\">Religia<\/a><\/p>\n<p>08.04 &#8211; CZWARTEK<\/p>\n<p><a href=\"http:\/\/akademia-przedszkolaka.net.pl\/grybow\/materialy-dydaktyczne\/biedronki-i-pszczolki-matematyka\/\" rel=\"attachment wp-att-1535\">Biedronki i Pszcz\u00f3\u0142ki MATEMATYKA<\/a><\/p>\n<p><a href=\"http:\/\/akademia-przedszkolaka.net.pl\/grybow\/materialy-dydaktyczne\/pszczolki-i-biedronki-zdalne\/\" rel=\"attachment wp-att-1536\">Pszcz\u00f3\u0142ki i biedronki 07.04<\/a><\/p>\n<p><a href=\"http:\/\/akademia-przedszkolaka.net.pl\/grybow\/wp-content\/uploads\/sites\/2\/2021\/04\/zdalne-\u017c-i-m.docx\">MOTYLKI I \u017bUCZKI<\/a><\/p>\n<p>09.04- PI\u0104TEK<\/p>\n<p><a href=\"http:\/\/akademia-przedszkolaka.net.pl\/grybow\/wp-content\/uploads\/sites\/2\/2021\/04\/MOTYLKI-I-\u017bUCZKI-9.04-2.docx\">MOTYLKI I \u017bUCZKI<\/a><\/p>\n<p><a href=\"http:\/\/akademia-przedszkolaka.net.pl\/grybow\/wp-content\/uploads\/sites\/2\/2021\/04\/BIEDRONKI-PSZCZ\u00d3\u0141KI-9.04.docx\">BIEDRONKI I PSZCZ\u00d3\u0141KI<\/a><\/p>\n<p>12.04 PONIEDZIA\u0141EK\u00a0 &#8211; Temat tygodnia: Wiosenne porz\u0105dki<\/p>\n<p><a href=\"http:\/\/akademia-przedszkolaka.net.pl\/grybow\/wp-content\/uploads\/sites\/2\/2021\/04\/wiosenne-porz\u0105dki-biedronki-i-pszczo\u0142y.docx\">BIEDRONKI I PSZCZ\u00d3\u0141KI<\/a><\/p>\n<p><a href=\"http:\/\/akademia-przedszkolaka.net.pl\/grybow\/wp-content\/uploads\/sites\/2\/2021\/04\/Motylki-i-\u017buczki-1.docx\">Motylki i \u017buczki<\/a><\/p>\n<p>13.04 WTOREK<\/p>\n<p><a href=\"http:\/\/akademia-przedszkolaka.net.pl\/grybow\/materialy-dydaktyczne\/motylki-i-zuczki-13-04-2021\/\" rel=\"attachment wp-att-1781\">Motylki i \u017buczki 13.04.2021<\/a><\/p>\n<p><a href=\"http:\/\/akademia-przedszkolaka.net.pl\/grybow\/materialy-dydaktyczne\/biedronki-i-pszczolki-13-04\/\" rel=\"attachment wp-att-1783\">Biedronki i Pszcz\u00f3\u0142ki 13.04<\/a><\/p>\n<p>14.04 \u015aRODA<\/p>\n<p><a href=\"http:\/\/akademia-przedszkolaka.net.pl\/grybow\/wp-content\/uploads\/sites\/2\/2021\/04\/\u017c-i-m-\u015br.docx\">Motylki i \u017buczki 13.04.2021<\/a><\/p>\n<p><a href=\"http:\/\/akademia-przedszkolaka.net.pl\/grybow\/materialy-dydaktyczne\/dokument-62\/\" rel=\"attachment wp-att-1788\">Biedronki i Pszcz\u00f3\u0142ki<\/a><\/p>\n<p>15.04 CZWARTEK<\/p>\n<p><a href=\"http:\/\/akademia-przedszkolaka.net.pl\/grybow\/materialy-dydaktyczne\/biedronki-i-pszczolki-15-04\/\" rel=\"attachment wp-att-1793\">Biedronki i Pszcz\u00f3\u0142ki 15.04<\/a><\/p>\n<p><a href=\"http:\/\/akademia-przedszkolaka.net.pl\/grybow\/wp-content\/uploads\/sites\/2\/2021\/04\/Motylki-i-\u017buczki-2.docx\">Motylki i \u017buczki<\/a><\/p>\n<p>16.04 PI\u0104TEK<br \/>\n<a href=\"http:\/\/akademia-przedszkolaka.net.pl\/grybow\/materialy-dydaktyczne\/dokument-63-2\/\" rel=\"attachment wp-att-1797\">Biedronki i Pszcz\u00f3\u0142ki<\/a><\/p>\n<p><a href=\"http:\/\/akademia-przedszkolaka.net.pl\/grybow\/wp-content\/uploads\/sites\/2\/2021\/04\/m-i-\u017c-pi\u0105tek.docx\">Motylki i \u017buczki<\/a><\/p>\n","protected":false},"excerpt":{"rendered":"<p>W zwi\u0105zku z obecn\u0105 sytuacj\u0105 epidemiczn\u0105 na tej stronie b\u0119dziemy zamieszcza\u0107 materia\u0142y dydaktyczne do opracowania w domu. 29.03 &#8211; Poniedzia\u0142ek &#8211; Temat tygodnia: WIELKANOC Materia\u0142y dydaktyczne -Motylki i \u017buczki Biedronki i Pszcz\u00f3\u0142ki 30.03 &#8211; Wtorek Motylki i \u017buczki Biedronki i Pszcz\u00f3\u0142ki Biedronki i Pszcz\u00f3\u0142ki &#8211; Literka &#8222;Z&#8221; 31.03 &#8211; \u015aroda Motylki i \u017buczki Biedronki i&#8230;<\/p>\n","protected":false},"author":3,"featured_media":0,"parent":0,"menu_order":0,"comment_status":"closed","ping_status":"closed","template":"","meta":[],"_links":{"self":[{"href":"http:\/\/akademia-przedszkolaka.net.pl\/grybow\/wp-json\/wp\/v2\/pages\/1495"}],"collection":[{"href":"http:\/\/akademia-przedszkolaka.net.pl\/grybow\/wp-json\/wp\/v2\/pages"}],"about":[{"href":"http:\/\/akademia-przedszkolaka.net.pl\/grybow\/wp-json\/wp\/v2\/types\/page"}],"author":[{"embeddable":true,"href":"http:\/\/akademia-przedszkolaka.net.pl\/grybow\/wp-json\/wp\/v2\/users\/3"}],"replies":[{"embeddable":true,"href":"http:\/\/akademia-przedszkolaka.net.pl\/grybow\/wp-json\/wp\/v2\/comments?post=1495"}],"version-history":[{"count":34,"href":"http:\/\/akademia-przedszkolaka.net.pl\/grybow\/wp-json\/wp\/v2\/pages\/1495\/revisions"}],"predecessor-version":[{"id":1913,"href":"http:\/\/akademia-przedszkolaka.net.pl\/grybow\/wp-json\/wp\/v2\/pages\/1495\/revisions\/1913"}],"wp:attachment":[{"href":"http:\/\/akademia-przedszkolaka.net.pl\/grybow\/wp-json\/wp\/v2\/media?parent=1495"}],"curies":[{"name":"wp","href":"https:\/\/api.w.org\/{rel}","templated":true}]}}